{"id":632,"date":"2014-02-10T15:04:30","date_gmt":"2014-02-10T14:04:30","guid":{"rendered":"http:\/\/localhost\/?page_id=632"},"modified":"2024-10-31T17:21:26","modified_gmt":"2024-10-31T16:21:26","slug":"portrait-2","status":"publish","type":"page","link":"https:\/\/www.sylviemoreillon.com\/?page_id=632","title":{"rendered":"portrait"},"content":{"rendered":"\n<style type=\"text\/css\" data-created_by=\"avia_inline_auto\" id=\"style-css-av-21tc2g-46e5b59d6991e51d47d98699d8c27193\">\n.flex_column.av-21tc2g-46e5b59d6991e51d47d98699d8c27193{\n-webkit-border-radius:0px 0px 0px 0px;\n-moz-border-radius:0px 0px 0px 0px;\nborder-radius:0px 0px 0px 0px;\npadding:0px 0px 0px 0px;\n}\n<\/style>\n<div  class='flex_column av-21tc2g-46e5b59d6991e51d47d98699d8c27193 av_one_full  avia-builder-el-0  el_before_av_hr  avia-builder-el-first  first flex_column_div av-zero-column-padding  '     ><style type=\"text\/css\" data-created_by=\"avia_inline_auto\" id=\"style-css-av-1v2tcw-ed699932455f051b3473c1c304851177\">\n.avia-image-container.av-1v2tcw-ed699932455f051b3473c1c304851177 img.avia_image{\nbox-shadow:none;\n}\n.avia-image-container.av-1v2tcw-ed699932455f051b3473c1c304851177 .av-image-caption-overlay-center{\ncolor:#ffffff;\n}\n<\/style>\n<div  class='avia-image-container av-1v2tcw-ed699932455f051b3473c1c304851177 av-styling-no-styling avia-align-center  avia-builder-el-1  avia-builder-el-no-sibling '   itemprop=\"image\" itemscope=\"itemscope\" itemtype=\"https:\/\/schema.org\/ImageObject\" ><div class=\"avia-image-container-inner\"><div class=\"avia-image-overlay-wrap\"><img decoding=\"async\" class='wp-image-1449 avia-img-lazy-loading-not-1449 avia_image ' src=\"https:\/\/www.sylviemoreillon.com\/new\/wp-content\/uploads\/2017\/04\/PARKING-MON-REPOS-PANORAMA-Small.jpg\" alt='' title='PARKING-MON-REPOS-PANORAMA-Small'  height=\"187\" width=\"1310\"  itemprop=\"thumbnailUrl\" srcset=\"https:\/\/www.sylviemoreillon.com\/new\/wp-content\/uploads\/2017\/04\/PARKING-MON-REPOS-PANORAMA-Small.jpg 1310w, https:\/\/www.sylviemoreillon.com\/new\/wp-content\/uploads\/2017\/04\/PARKING-MON-REPOS-PANORAMA-Small-300x43.jpg 300w, https:\/\/www.sylviemoreillon.com\/new\/wp-content\/uploads\/2017\/04\/PARKING-MON-REPOS-PANORAMA-Small-768x110.jpg 768w, https:\/\/www.sylviemoreillon.com\/new\/wp-content\/uploads\/2017\/04\/PARKING-MON-REPOS-PANORAMA-Small-1030x147.jpg 1030w, https:\/\/www.sylviemoreillon.com\/new\/wp-content\/uploads\/2017\/04\/PARKING-MON-REPOS-PANORAMA-Small-705x101.jpg 705w, https:\/\/www.sylviemoreillon.com\/new\/wp-content\/uploads\/2017\/04\/PARKING-MON-REPOS-PANORAMA-Small-450x64.jpg 450w\" sizes=\"(max-width: 1310px) 100vw, 1310px\" \/><\/div><\/div><\/div><\/div>\n\n<style type=\"text\/css\" data-created_by=\"avia_inline_auto\" id=\"style-css-av-1t76y0-913ee6ee1fb99d6adcb7595fc4b4bdff\">\n#top .hr.hr-invisible.av-1t76y0-913ee6ee1fb99d6adcb7595fc4b4bdff{\nheight:50px;\n}\n<\/style>\n<div  class='hr av-1t76y0-913ee6ee1fb99d6adcb7595fc4b4bdff hr-invisible  avia-builder-el-2  el_after_av_one_full  el_before_av_one_half '><span class='hr-inner '><span class=\"hr-inner-style\"><\/span><\/span><\/div>\n\n<style type=\"text\/css\" data-created_by=\"avia_inline_auto\" id=\"style-css-av-1lcm3s-af86666448a052d5cee9ae18ceb12c5c\">\n.flex_column.av-1lcm3s-af86666448a052d5cee9ae18ceb12c5c{\n-webkit-border-radius:0px 0px 0px 0px;\n-moz-border-radius:0px 0px 0px 0px;\nborder-radius:0px 0px 0px 0px;\npadding:0px 0px 0px 0px;\n}\n<\/style>\n<div  class='flex_column av-1lcm3s-af86666448a052d5cee9ae18ceb12c5c av_one_half  avia-builder-el-3  el_after_av_hr  el_before_av_one_half  first flex_column_div av-zero-column-padding  '     ><section  class='av_textblock_section av-1eehh4-b3feb0b80a6390322e265bef7304b4a6 '   itemscope=\"itemscope\" itemtype=\"https:\/\/schema.org\/CreativeWork\" ><div class='avia_textblock'  itemprop=\"text\" ><h2>EXPOSITIONS<\/h2>\n<\/div><\/section><br \/>\n<section  class='av_textblock_section av-1a77hk-43096030e5dce59ce3639c99b6b6ccfb '   itemscope=\"itemscope\" itemtype=\"https:\/\/schema.org\/CreativeWork\" ><div class='avia_textblock'  itemprop=\"text\" ><h3>Individuelles<\/h3>\n<p><strong>2024<\/strong><br \/>\nCh\u00e2teau de Saint-Aubin (FR)<\/p>\n<p><strong>2021<\/strong><br \/>\nDomaine \u00ab\u00a0Les Dames de Hautecour\u00a0\u00bb, Mont-sur-Rolle<\/p>\n<p><strong>2020<br \/>\n<\/strong>Galerie du Ch\u00e2teau, Avenches<\/p>\n<p><strong>2017<br \/>\n<\/strong>Espace Culturel, Assens<\/p>\n<p><strong>2015<br \/>\n<\/strong>Maison de Commune, Epalinges Kunsthaus Haenisch, Kappeln\/Allemagne Atelier Vert de Gris, Paris\/France Espace L\u00e9giConseils, Dijon\/France<\/p>\n<p><strong>2013<br \/>\n<\/strong>La Grange, Jouxtens<\/p>\n<p><strong>2009<br \/>\n<\/strong>Galerie du Ch\u00e2teau, Avenches<\/p>\n<p><strong>2006<br \/>\n<\/strong>Mus\u00e9e de Pully (en duo avec l\u2019artiste Hans J\u00f6rg Gisiger<\/p>\n<p><strong> 2002<br \/>\n<\/strong>Galerie du Ch\u00eane, Lausanne<\/p>\n<p><strong>2001<br \/>\n<\/strong>Galerie du Ch\u00e2teau, Avenches<\/p>\n<p><strong>1997<\/strong><br \/>\nWorld Trade Center, Lausanne Galerie de Bogis-Bossey<\/p>\n<h3>Collectives<\/h3>\n<p><strong> 2021<\/strong><\/p>\n<p>Comune d&rsquo;Avenches<\/p>\n<p><strong>2019<br \/>\n<\/strong>Espace Culturel, Assens<\/p>\n<p><strong>2019<br \/>\n<\/strong>Schlosskeller, Fraubrunnen<\/p>\n<p><strong>2018<br \/>\n<\/strong>Espace Culturel, Assens<\/p>\n<p><strong>2008 \u2013 2009<br \/>\n<\/strong>Espace Courant d\u2019Art, Chevenez<\/p>\n<p><strong>2008<br \/>\n<\/strong>Comptoir Suisse, Lausanne<\/p>\n<p><strong>2003<br \/>\n<\/strong>H\u00f4tel de Ville d\u2019Yverdon<\/p>\n<p><strong>2002<br \/>\n<\/strong>Forum de l\u2019H\u00f4tel de Ville, Lausanne<\/p>\n<p><strong>1999<br \/>\n<\/strong>Galerie du Ch\u00eane, Lausanne Mus\u00e9e de Pully<\/p>\n<h3>Particuli\u00e8res<\/h3>\n<p><strong>2009<br \/>\n<\/strong>Forum de l\u2019H\u00f4tel de Ville, Lausanne,\u00a0 dans le cadre d\u2019une exposition th\u00e9matique <br class=\"avia-permanent-lb\" \/><br class=\"avia-permanent-lb\" \/><\/p>\n<\/div><\/section><\/p><\/div>\n\n<style type=\"text\/css\" data-created_by=\"avia_inline_auto\" id=\"style-css-av-13qkhk-999321fcc80676fbde21fc37f6fac8d8\">\n.flex_column.av-13qkhk-999321fcc80676fbde21fc37f6fac8d8{\n-webkit-border-radius:0px 0px 0px 0px;\n-moz-border-radius:0px 0px 0px 0px;\nborder-radius:0px 0px 0px 0px;\npadding:0px 0px 0px 0px;\n}\n<\/style>\n<div  class='flex_column av-13qkhk-999321fcc80676fbde21fc37f6fac8d8 av_one_half  avia-builder-el-6  el_after_av_one_half  el_before_av_hr  flex_column_div av-zero-column-padding  '     ><section  class='av_textblock_section av-zp5x4-165a8c77a93c37f1973241b6173e389b '   itemscope=\"itemscope\" itemtype=\"https:\/\/schema.org\/CreativeWork\" ><div class='avia_textblock'  itemprop=\"text\" ><h2>MANDATS<\/h2>\n<\/div><\/section><br \/>\n<section  class='av_textblock_section av-sh6co-cfb95e83ee6bac53d94b8c784719d69e '   itemscope=\"itemscope\" itemtype=\"https:\/\/schema.org\/CreativeWork\" ><div class='avia_textblock'  itemprop=\"text\" ><p><strong>2024<\/strong><br \/>\nBanque Raiffeisen \u00e0 Assens: quatre toiles de grand format (280 cm x 100 cm), illustrant la r\u00e9gion au fil des quatre saisons pour orner les salons du nouveau si\u00e8ge<\/p>\n<p><strong>2023<\/strong><br \/>\nInstallation artistique pour l&rsquo;EMS Bellevue \u00e0 Begnins<\/p>\n<p>Installation artistique pour l&rsquo;EMS Le Ch\u00eane \u00e0 Gland<\/p>\n<p>Installation artistique pour l&rsquo;EMS la Clef des Champs \u00e0 Mont-sur-Rolle<\/p>\n<p><strong>2016<\/strong><br \/>\nSculpture pour la F\u00e9d\u00e9ration Vaudoise des Entrepreneurs<\/p>\n<p><strong>2013<\/strong><br \/>\nSculpture pour un giratoire \u00e0 Epalinges 2 sculptures\u00a0 \u00e0 Vers-chez-les-Blanc<\/p>\n<p><strong>2011 \u2013 2012<\/strong><br \/>\nExtension de l\u2019installation artistique \u00ab\u00a0Park &amp; Jazz\u00a0\u00bb, parking Mon Repos, Lausanne<\/p>\n<p><strong>2010 \u2013 2011<\/strong><br \/>\nInstallation artistique \u00ab\u00a0La Cascade\u00a0\u00bb \u00e0 l\u2019usine \u00e9lectrique d\u2019Aubonne<\/p>\n<p><strong>2010<\/strong><br \/>\n2 sculptures \u00e0 Vers-chez-les-Blanc<\/p>\n<p><strong>2009<\/strong><br \/>\n2 groupes de sculptures \u00e0 Vers-chez-les-Blanc Installation artistique \u00ab\u00a0Entre \u00e9quilibre et d\u00e9s\u00e9quilibre\u00a0\u00bb pour un giratoire \u00e0 Vers-chez-les-Blanc, Lausanne<\/p>\n<p><strong>2008 \u2013 2009<\/strong><br \/>\nInstallation artistique \u00ab\u00a0Park &amp; Jazz\u00a0\u00bb (1<sup>\u00e8re<\/sup> partie) parking Mon Repos, Lausanne<\/p>\n<\/div><\/section><br \/>\n\n<style type=\"text\/css\" data-created_by=\"avia_inline_auto\" id=\"style-css-av-my4gg-65105c1b6db79ded2667406fd35e116b\">\n#top .hr.hr-invisible.av-my4gg-65105c1b6db79ded2667406fd35e116b{\nheight:20px;\n}\n<\/style>\n<div  class='hr av-my4gg-65105c1b6db79ded2667406fd35e116b hr-invisible  avia-builder-el-9  el_after_av_textblock  el_before_av_textblock '><span class='hr-inner '><span class=\"hr-inner-style\"><\/span><\/span><\/div><br \/>\n<section  class='av_textblock_section av-fa4i0-a52a2c7e467ae2994263ff5a24df7314 '   itemscope=\"itemscope\" itemtype=\"https:\/\/schema.org\/CreativeWork\" ><div class='avia_textblock'  itemprop=\"text\" ><h2>COLLECTIONS<\/h2>\n<\/div><\/section><br \/>\n<section  class='av_textblock_section av-a6l8w-391c8e6f9929362edfb00810e7472871 '   itemscope=\"itemscope\" itemtype=\"https:\/\/schema.org\/CreativeWork\" ><div class='avia_textblock'  itemprop=\"text\" ><p>Fondation Belle Saison, EMS La Clef des champs 2023<\/p>\n<p>Fondation Belle Saison, EMS Le Ch\u00eane<\/p>\n<p>Fondation Belle Saison, EMS Bellevue<\/p>\n<p>Banque Cantonale Vaudoise, 2006<\/p>\n<p>Bureau Egger Architecte, Aubonne, 2012<\/p>\n<p>Centre Patronal, Paudex, 2011, 2017<\/p>\n<p>D\u00e9n\u00e9riaz SA, Lausanne, 2010<\/p>\n<p>Ecole H\u00f4teli\u00e8re, Lausanne, 2016<\/p>\n<p>Fonds des Arts Plastiques de la Ville de Lausanne, 2001, 2006, 2009<\/p>\n<p>F\u00e9d\u00e9ration Vaudoise des Entrepreneurs, Tolochenaz, 2006, 2016<\/p>\n<p><a href=\"http:\/\/www.vertigohoteldijon.com\/galerie-vertigo-dijon.html\"><span style=\"color: #ffffff;\">H\u00f4tel Vertigo<\/span><\/a>, Dijon, France, 2015<\/p>\n<p>IMD, International Institute of Management Development, Lausanne, 2007<\/p>\n<p>M\u00e9tro Lausanne-Ouchy SA, Lausanne, 2009<\/p>\n<p>MP, Ing\u00e9nieurs Conseil SA, Crissier, 2006<\/p>\n<p>Mus\u00e9e de Pully, 1999, 2006<\/p>\n<p>Philip Morris International Management SA, Lausanne, 2008<\/p>\n<p>PMS SA, Renens, 2010, 2012<\/p>\n<p>Restaurant du Cerf, Carlo Crisci, Cossonay, 1999<\/p>\n<p>SEFA, Soci\u00e9t\u00e9 Electrique des Forces Motrices, Aubonne, 2011<\/p>\n<p>SATOM SA, Monthey, 1997<\/p>\n<p>Service de Transfusion Sanguine CRS, Epalinges, 2013<\/p>\n<p>TIMCAL Ltd, Bodio, 2002<\/p>\n<p>TRIDEL SA, Lausanne, 2006<\/p>\n<\/div><\/section><\/p><\/div><div  class='hr av-oqjwg-9c470434a88b8b51ef08f1b1501e3c81 hr-default  avia-builder-el-12  el_after_av_one_half  el_before_av_one_third '><span class='hr-inner '><span class=\"hr-inner-style\"><\/span><\/span><\/div><\/p>\n<div  class='flex_column av-kg0mo-9efd64b2269f716a892160f837fad143 av_one_third  avia-builder-el-13  el_after_av_hr  el_before_av_one_third  first flex_column_div  '     ><style type=\"text\/css\" data-created_by=\"avia_inline_auto\" id=\"style-css-av-m07414xb-f34390bc02f5333cc3026efe70665cfe\">\n.avia-image-container.av-m07414xb-f34390bc02f5333cc3026efe70665cfe{\nz-index:0;\n}\n.avia-image-container.av-m07414xb-f34390bc02f5333cc3026efe70665cfe img.avia_image{\nbox-shadow:none;\n}\n.avia-image-container.av-m07414xb-f34390bc02f5333cc3026efe70665cfe .av-image-caption-overlay-center{\ncolor:#ffffff;\n}\n<\/style>\n<div  class='avia-image-container av-m07414xb-f34390bc02f5333cc3026efe70665cfe av-styling- avia-align-left  avia-builder-el-14  avia-builder-el-no-sibling  av-custom-positioned'   itemprop=\"image\" itemscope=\"itemscope\" itemtype=\"https:\/\/schema.org\/ImageObject\" ><div class=\"avia-image-container-inner\"><div class=\"avia-image-overlay-wrap\"><img decoding=\"async\" class='wp-image-2909 avia-img-lazy-loading-not-2909 avia_image ' src=\"https:\/\/www.sylviemoreillon.com\/new\/wp-content\/uploads\/2020\/02\/Sylvie-Moreillon_01-Basse-def-e1582486134399-200x300.jpg\" alt='' title='Sylvie-Moreillon_01-Basse-def'  height=\"300\" width=\"200\"  itemprop=\"thumbnailUrl\" srcset=\"https:\/\/www.sylviemoreillon.com\/new\/wp-content\/uploads\/2020\/02\/Sylvie-Moreillon_01-Basse-def-e1582486134399-200x300.jpg 200w, https:\/\/www.sylviemoreillon.com\/new\/wp-content\/uploads\/2020\/02\/Sylvie-Moreillon_01-Basse-def-e1582486134399-768x1152.jpg 768w, https:\/\/www.sylviemoreillon.com\/new\/wp-content\/uploads\/2020\/02\/Sylvie-Moreillon_01-Basse-def-e1582486134399-687x1030.jpg 687w, https:\/\/www.sylviemoreillon.com\/new\/wp-content\/uploads\/2020\/02\/Sylvie-Moreillon_01-Basse-def-e1582486134399-1000x1500.jpg 1000w, https:\/\/www.sylviemoreillon.com\/new\/wp-content\/uploads\/2020\/02\/Sylvie-Moreillon_01-Basse-def-e1582486134399-470x705.jpg 470w, https:\/\/www.sylviemoreillon.com\/new\/wp-content\/uploads\/2020\/02\/Sylvie-Moreillon_01-Basse-def-e1582486134399-450x675.jpg 450w\" sizes=\"(max-width: 200px) 100vw, 200px\" \/><\/div><\/div><\/div><\/div>\n<div  class='flex_column av-gd9g8-dae3a772d80ca84212f5ae18d1716b8c av_one_third  avia-builder-el-15  el_after_av_one_third  el_before_av_one_third  flex_column_div  '     ><section  class='av_textblock_section av-m073ycqb-ee22f57dd4d1d2434fd8f2a548df41e5 '   itemscope=\"itemscope\" itemtype=\"https:\/\/schema.org\/CreativeWork\" ><div class='avia_textblock'  itemprop=\"text\" ><p><strong>Ce qu\u2019il y a de bien,<\/strong>\u00a0avec Sylvie Moreillon, c\u2019est qu\u2019elle est toujours en mouvement. Elle regarde, elle observe, elle constate, elle approche, elle s\u2019impr\u00e8gne, elle touche, elle parle, elle contacte, elle commence et continue, elle recommence et insiste, elle veut, elle fait, elle y croit, et elle a raison. Elle est une artiste, bien s\u00fbr, mais elle est avant tout une personne qui n\u2019oublie jamais d\u2019\u00e9couter respirer le monde qui l\u2019entoure et dont elle sait faire partie. Un jour, c\u2019est le m\u00e9tro, un jour ce sont les pigeons, une autre fois les parkings, le lendemain ce sont les ouvriers, pour elle la vie c\u2019est la vie, il n\u2019y a pas le froid et le chaud, il n\u2019y a pas le petit et le grand, il n\u2019y a pas les importants et les autres, tout est digne d\u2019int\u00e9r\u00eat, tout m\u00e9rite la rencontre, le regard, l\u2019\u00e9change, parce que tout ensemble fabrique le quotidien, le pass\u00e9, le pr\u00e9sent et l\u2019avenir.<\/p>\n<\/div><\/section><\/div>\n<div  class='flex_column av-7sx54-6a6869cca4d831ab9cd4bba54672ac04 av_one_third  avia-builder-el-17  el_after_av_one_third  avia-builder-el-last  flex_column_div  '     ><section  class='av_textblock_section av-m073zt87-7dccd20f1fbc5d8535dc4f965e40f854 '   itemscope=\"itemscope\" itemtype=\"https:\/\/schema.org\/CreativeWork\" ><div class='avia_textblock'  itemprop=\"text\" ><p>Le message que transmettent son sourire et son attention, son talent aussi et en toile de fond son savoir-faire, c\u2019est que la po\u00e9sie, la vraie, la po\u00e9sie brute, la po\u00e9sie sous les pas, la po\u00e9sie du matin et du soir, des aubes d\u2019espoir et des soirs de fatigue, cette po\u00e9sie-l\u00e0 est partout. Il suffit d\u2019aller la chercher, de savoir la regarder, de vouloir la regarder. Il faut ensuite savoir la retranscrire, l\u2019interpr\u00e9ter, la concr\u00e9tiser, l\u2019offrir, la transmettre. C\u2019est le talent et le boulot de l\u2019artiste quand il respecte le monde, son monde, le monde des autres. C\u2019est le talent et le boulot de Sylvie Moreillon qui a du c\u0153ur, et c\u2019est avec ce c\u0153ur qu\u2019elle fait battre celui des chantiers, des m\u00e9tros, des parkings, des pigeons qui sont tout \u00e9tonn\u00e9s, \u00e0 l\u2019instar des chantiers, des m\u00e9tros, des parkings, qu\u2019on sache ainsi les regarder avec tendresse, eux les princes du banal et du quotidien, du furtif et de l\u2019anonymat.<\/p>\n<p align=\"right\">Philippe Dubath, journaliste &#8211; \u00e9crivain<\/p>\n<\/div><\/section><\/div>\n","protected":false},"excerpt":{"rendered":"","protected":false},"author":1,"featured_media":0,"parent":0,"menu_order":0,"comment_status":"open","ping_status":"open","template":"","meta":{"inline_featured_image":false},"yoast_head":"<!-- This site is optimized with the Yoast SEO plugin v20.10 - https:\/\/yoast.com\/wordpress\/plugins\/seo\/ -->\n<title>Sylvie Moreillon, portrait et parcours, expositions et mandats<\/title>\n<meta name=\"description\" content=\"Sylvie Moreillon est une artiste pluridisciplinaire qui aime explorer de nouveaux champs techniques et artistiques\" \/>\n<meta name=\"robots\" content=\"index, follow, max-snippet:-1, max-image-preview:large, max-video-preview:-1\" \/>\n<link rel=\"canonical\" href=\"https:\/\/www.sylviemoreillon.com\/?page_id=632\" \/>\n<meta property=\"og:locale\" content=\"fr_FR\" \/>\n<meta property=\"og:type\" content=\"article\" \/>\n<meta property=\"og:title\" content=\"Sylvie Moreillon, portrait et parcours, expositions et mandats\" \/>\n<meta property=\"og:description\" content=\"Sylvie Moreillon est une artiste pluridisciplinaire qui aime explorer de nouveaux champs techniques et artistiques\" \/>\n<meta property=\"og:url\" content=\"https:\/\/www.sylviemoreillon.com\/?page_id=632\" \/>\n<meta property=\"og:site_name\" content=\"Sylvie Moreillon.com\" \/>\n<meta property=\"article:modified_time\" content=\"2024-10-31T16:21:26+00:00\" \/>\n<meta property=\"og:image\" content=\"https:\/\/www.sylviemoreillon.com\/new\/wp-content\/uploads\/2022\/04\/sm_logo-1.png\" \/>\n\t<meta property=\"og:image:width\" content=\"277\" \/>\n\t<meta property=\"og:image:height\" content=\"277\" \/>\n\t<meta property=\"og:image:type\" content=\"image\/png\" \/>\n<meta name=\"twitter:card\" content=\"summary_large_image\" \/>\n<meta name=\"twitter:label1\" content=\"Dur\u00e9e de lecture estim\u00e9e\" \/>\n\t<meta name=\"twitter:data1\" content=\"8 minutes\" \/>\n<script type=\"application\/ld+json\" class=\"yoast-schema-graph\">{\"@context\":\"https:\/\/schema.org\",\"@graph\":[{\"@type\":\"WebPage\",\"@id\":\"https:\/\/www.sylviemoreillon.com\/?page_id=632\",\"url\":\"https:\/\/www.sylviemoreillon.com\/?page_id=632\",\"name\":\"Sylvie Moreillon, portrait et parcours, expositions et mandats\",\"isPartOf\":{\"@id\":\"https:\/\/www.sylviemoreillon.com\/#website\"},\"datePublished\":\"2014-02-10T14:04:30+00:00\",\"dateModified\":\"2024-10-31T16:21:26+00:00\",\"description\":\"Sylvie Moreillon est une artiste pluridisciplinaire qui aime explorer de nouveaux champs techniques et artistiques\",\"breadcrumb\":{\"@id\":\"https:\/\/www.sylviemoreillon.com\/?page_id=632#breadcrumb\"},\"inLanguage\":\"fr-FR\",\"potentialAction\":[{\"@type\":\"ReadAction\",\"target\":[\"https:\/\/www.sylviemoreillon.com\/?page_id=632\"]}]},{\"@type\":\"BreadcrumbList\",\"@id\":\"https:\/\/www.sylviemoreillon.com\/?page_id=632#breadcrumb\",\"itemListElement\":[{\"@type\":\"ListItem\",\"position\":1,\"name\":\"Accueil\",\"item\":\"https:\/\/www.sylviemoreillon.com\/?page_id=1318\"},{\"@type\":\"ListItem\",\"position\":2,\"name\":\"portrait\"}]},{\"@type\":\"WebSite\",\"@id\":\"https:\/\/www.sylviemoreillon.com\/#website\",\"url\":\"https:\/\/www.sylviemoreillon.com\/\",\"name\":\"Sylvie Moreillon.com\",\"description\":\"Peinture - Sculpture - Soudure\",\"publisher\":{\"@id\":\"https:\/\/www.sylviemoreillon.com\/#\/schema\/person\/1aacce86ce9e97c6b5b3437396489d47\"},\"potentialAction\":[{\"@type\":\"SearchAction\",\"target\":{\"@type\":\"EntryPoint\",\"urlTemplate\":\"https:\/\/www.sylviemoreillon.com\/?s={search_term_string}\"},\"query-input\":\"required name=search_term_string\"}],\"inLanguage\":\"fr-FR\"},{\"@type\":[\"Person\",\"Organization\"],\"@id\":\"https:\/\/www.sylviemoreillon.com\/#\/schema\/person\/1aacce86ce9e97c6b5b3437396489d47\",\"name\":\"admin\",\"image\":{\"@type\":\"ImageObject\",\"inLanguage\":\"fr-FR\",\"@id\":\"https:\/\/www.sylviemoreillon.com\/#\/schema\/person\/image\/\",\"url\":\"https:\/\/secure.gravatar.com\/avatar\/b6a0be04bb0d61ade5ceccecc3eb96c5?s=96&d=mm&r=g\",\"contentUrl\":\"https:\/\/secure.gravatar.com\/avatar\/b6a0be04bb0d61ade5ceccecc3eb96c5?s=96&d=mm&r=g\",\"caption\":\"admin\"},\"logo\":{\"@id\":\"https:\/\/www.sylviemoreillon.com\/#\/schema\/person\/image\/\"},\"sameAs\":[\"https:\/\/www.sylviemoreillon.com\"]}]}<\/script>\n<!-- \/ Yoast SEO plugin. -->","yoast_head_json":{"title":"Sylvie Moreillon, portrait et parcours, expositions et mandats","description":"Sylvie Moreillon est une artiste pluridisciplinaire qui aime explorer de nouveaux champs techniques et artistiques","robots":{"index":"index","follow":"follow","max-snippet":"max-snippet:-1","max-image-preview":"max-image-preview:large","max-video-preview":"max-video-preview:-1"},"canonical":"https:\/\/www.sylviemoreillon.com\/?page_id=632","og_locale":"fr_FR","og_type":"article","og_title":"Sylvie Moreillon, portrait et parcours, expositions et mandats","og_description":"Sylvie Moreillon est une artiste pluridisciplinaire qui aime explorer de nouveaux champs techniques et artistiques","og_url":"https:\/\/www.sylviemoreillon.com\/?page_id=632","og_site_name":"Sylvie Moreillon.com","article_modified_time":"2024-10-31T16:21:26+00:00","og_image":[{"width":277,"height":277,"url":"https:\/\/www.sylviemoreillon.com\/new\/wp-content\/uploads\/2022\/04\/sm_logo-1.png","type":"image\/png"}],"twitter_card":"summary_large_image","twitter_misc":{"Dur\u00e9e de lecture estim\u00e9e":"8 minutes"},"schema":{"@context":"https:\/\/schema.org","@graph":[{"@type":"WebPage","@id":"https:\/\/www.sylviemoreillon.com\/?page_id=632","url":"https:\/\/www.sylviemoreillon.com\/?page_id=632","name":"Sylvie Moreillon, portrait et parcours, expositions et mandats","isPartOf":{"@id":"https:\/\/www.sylviemoreillon.com\/#website"},"datePublished":"2014-02-10T14:04:30+00:00","dateModified":"2024-10-31T16:21:26+00:00","description":"Sylvie Moreillon est une artiste pluridisciplinaire qui aime explorer de nouveaux champs techniques et artistiques","breadcrumb":{"@id":"https:\/\/www.sylviemoreillon.com\/?page_id=632#breadcrumb"},"inLanguage":"fr-FR","potentialAction":[{"@type":"ReadAction","target":["https:\/\/www.sylviemoreillon.com\/?page_id=632"]}]},{"@type":"BreadcrumbList","@id":"https:\/\/www.sylviemoreillon.com\/?page_id=632#breadcrumb","itemListElement":[{"@type":"ListItem","position":1,"name":"Accueil","item":"https:\/\/www.sylviemoreillon.com\/?page_id=1318"},{"@type":"ListItem","position":2,"name":"portrait"}]},{"@type":"WebSite","@id":"https:\/\/www.sylviemoreillon.com\/#website","url":"https:\/\/www.sylviemoreillon.com\/","name":"Sylvie Moreillon.com","description":"Peinture - Sculpture - Soudure","publisher":{"@id":"https:\/\/www.sylviemoreillon.com\/#\/schema\/person\/1aacce86ce9e97c6b5b3437396489d47"},"potentialAction":[{"@type":"SearchAction","target":{"@type":"EntryPoint","urlTemplate":"https:\/\/www.sylviemoreillon.com\/?s={search_term_string}"},"query-input":"required name=search_term_string"}],"inLanguage":"fr-FR"},{"@type":["Person","Organization"],"@id":"https:\/\/www.sylviemoreillon.com\/#\/schema\/person\/1aacce86ce9e97c6b5b3437396489d47","name":"admin","image":{"@type":"ImageObject","inLanguage":"fr-FR","@id":"https:\/\/www.sylviemoreillon.com\/#\/schema\/person\/image\/","url":"https:\/\/secure.gravatar.com\/avatar\/b6a0be04bb0d61ade5ceccecc3eb96c5?s=96&d=mm&r=g","contentUrl":"https:\/\/secure.gravatar.com\/avatar\/b6a0be04bb0d61ade5ceccecc3eb96c5?s=96&d=mm&r=g","caption":"admin"},"logo":{"@id":"https:\/\/www.sylviemoreillon.com\/#\/schema\/person\/image\/"},"sameAs":["https:\/\/www.sylviemoreillon.com"]}]}},"_links":{"self":[{"href":"https:\/\/www.sylviemoreillon.com\/index.php?rest_route=\/wp\/v2\/pages\/632"}],"collection":[{"href":"https:\/\/www.sylviemoreillon.com\/index.php?rest_route=\/wp\/v2\/pages"}],"about":[{"href":"https:\/\/www.sylviemoreillon.com\/index.php?rest_route=\/wp\/v2\/types\/page"}],"author":[{"embeddable":true,"href":"https:\/\/www.sylviemoreillon.com\/index.php?rest_route=\/wp\/v2\/users\/1"}],"replies":[{"embeddable":true,"href":"https:\/\/www.sylviemoreillon.com\/index.php?rest_route=%2Fwp%2Fv2%2Fcomments&post=632"}],"version-history":[{"count":65,"href":"https:\/\/www.sylviemoreillon.com\/index.php?rest_route=\/wp\/v2\/pages\/632\/revisions"}],"predecessor-version":[{"id":4533,"href":"https:\/\/www.sylviemoreillon.com\/index.php?rest_route=\/wp\/v2\/pages\/632\/revisions\/4533"}],"wp:attachment":[{"href":"https:\/\/www.sylviemoreillon.com\/index.php?rest_route=%2Fwp%2Fv2%2Fmedia&parent=632"}],"curies":[{"name":"wp","href":"https:\/\/api.w.org\/{rel}","templated":true}]}}